{"id":5967,"date":"2020-05-10T14:41:43","date_gmt":"2020-05-10T12:41:43","guid":{"rendered":"https:\/\/geniwal.be\/?post_type=product&#038;p=5967"},"modified":"2021-02-13T16:39:19","modified_gmt":"2021-02-13T15:39:19","slug":"mille-et-une-manieres-de-faire-de-la-genealogie-avec-les-enfants","status":"publish","type":"product","link":"https:\/\/geniwal.be\/nl\/boutique\/guides\/mille-et-une-manieres-de-faire-de-la-genealogie-avec-les-enfants\/","title":{"rendered":"Duizend-en-een manieren om genealogie met kinderen te doen"},"content":{"rendered":"<p><strong>SAMENVATTING<\/strong><\/p>\n<p>Genealogie introduceren in het onderwijs<\/p>\n<p>La g\u00e9n\u00e9alogie est d\u00e9sormais au programme de l&rsquo;\u00c9ducation nationale, des classes de maternelle jusqu\u2019en 6e. Activit\u00e9 culturelle et pluridisciplinaire par nature, elle permet d\u2019aborder l&rsquo;histoire ou la d\u00e9couverte du temps, mais aussi les math\u00e9matiques, la g\u00e9ographie, le fran\u00e7ais&#8230; Elle peut avoir une place de choix en tant qu\u2019activit\u00e9 ludo-\u00e9ducative, d\u2019\u00e9veil, de d\u00e9couverte, d\u2019exploration. Par ailleurs, la pratique g\u00e9n\u00e9alogique avec le jeune public favorise le \u00ab vivre ensemble \u00bb \u00e0 tous les niveaux. Elle encourage les liens interfamiliaux et interg\u00e9n\u00e9rationnels, et la prise de conscience du patrimoine dont nous sommes porteurs. Elle d\u00e9veloppe l\u2019entraide et les liens de partenariats avec les services d\u2019archives, les biblioth\u00e8ques, les associations, etc. Elle permet une mise en \u0153uvre concr\u00e8te de plusieurs grands principes constitutifs de la R\u00e9publique fran\u00e7aise : \u00e9galit\u00e9 de valeur des origines, droits \u00e0 l\u2019identit\u00e9 et \u00e0 la nationalit\u00e9, fraternit\u00e9 et entraide pendant les recherches g\u00e9n\u00e9alogiques, libert\u00e9 de conna\u00eetre ses origines \u00e0 conjuguer avec le droit au respect de la vie priv\u00e9e, acc\u00e8s aux archives&#8230;<\/p>\n<p>Mais concr\u00e8tement comment organiser de fa\u00e7on pratique des activit\u00e9s g\u00e9n\u00e9alogiques avec les enfants ? Lesquelles peut-on leur proposer ? Comment cr\u00e9er des supports adapt\u00e9s ?&#8230; Deux enseignants pr\u00e9curseurs partagent ici des ann\u00e9es d\u2019exp\u00e9riences d\u2019activit\u00e9s g\u00e9n\u00e9alogiques en milieu scolaire.<\/p>\n<p><strong>AUTEUR <\/strong><\/p>\n<p>\u00c9velyne Duret, lerares aardrijkskunde, gaf twintig jaar lang een workshop genealogie in een middelbare school in Val-d'Oise. Nadat ze in het kader van de F\u00e9d\u00e9ration fran\u00e7aise de g\u00e9n\u00e9alogie een centrum voor genealogie op scholen had opgericht, is ze nu voorzitter van de vereniging \"Les jeunes et la g\u00e9n\u00e9alogie\", die genealogie op scholen promoot door ervaringen uit te wisselen en opleidingen te geven.<\/p>\n<p>Yannick Doladille, begonnen als leerkracht in het basisonderwijs en daarna schoolhoofd, is nu hoofdonderwijskundige in een middelbare school. Hij heeft genealogie vaak gebruikt als een educatief hulpmiddel voor jonge kinderen.<\/p>","protected":false},"excerpt":{"rendered":"<p>R\u00e9f\u00e9rence : 701030<br \/>\nUGS : 978-2-35-077-303-2<br \/>\n112 pages broch\u00e9es \/ couleur \/ format 21 x 29,7 cm<br \/>\n<span style=\"color: #ff0000;\"><b>Levertijd 10 dagen na ontvangst van betaling<br \/>\n<b style=\"color: #ff0000;\">Quantit\u00e9 maximum par commande : 1<\/b><br \/>\n<\/b><\/span><\/p>\n<form class=\"cart\" action=\"https:\/\/geniwal.be\/nl\/produit\/retracer-lhistoire-de-sa-commune\/\" enctype=\"multipart\/form-data\" method=\"post\" data-trp-original-action=\"https:\/\/geniwal.be\/produit\/retracer-lhistoire-de-sa-commune\/\">\n<div class=\"quantity buttons_added\"><\/div>\n<input type=\"hidden\" name=\"trp-form-language\" value=\"nl\"\/><\/form>","protected":false},"featured_media":5955,"comment_status":"closed","ping_status":"closed","template":"","meta":{"_et_pb_use_builder":"","_et_pb_old_content":"","_et_gb_content_width":""},"product_brand":[],"product_cat":[112],"product_tag":[],"class_list":{"0":"post-5967","1":"product","2":"type-product","3":"status-publish","4":"has-post-thumbnail","6":"product_cat-guides","8":"first","9":"instock","10":"taxable","11":"shipping-taxable","12":"purchasable","13":"product-type-simple"},"aioseo_notices":[],"_links":{"self":[{"href":"https:\/\/geniwal.be\/nl\/wp-json\/wp\/v2\/product\/5967","targetHints":{"allow":["GET"]}}],"collection":[{"href":"https:\/\/geniwal.be\/nl\/wp-json\/wp\/v2\/product"}],"about":[{"href":"https:\/\/geniwal.be\/nl\/wp-json\/wp\/v2\/types\/product"}],"replies":[{"embeddable":true,"href":"https:\/\/geniwal.be\/nl\/wp-json\/wp\/v2\/comments?post=5967"}],"wp:featuredmedia":[{"embeddable":true,"href":"https:\/\/geniwal.be\/nl\/wp-json\/wp\/v2\/media\/5955"}],"wp:attachment":[{"href":"https:\/\/geniwal.be\/nl\/wp-json\/wp\/v2\/media?parent=5967"}],"wp:term":[{"taxonomy":"product_brand","embeddable":true,"href":"https:\/\/geniwal.be\/nl\/wp-json\/wp\/v2\/product_brand?post=5967"},{"taxonomy":"product_cat","embeddable":true,"href":"https:\/\/geniwal.be\/nl\/wp-json\/wp\/v2\/product_cat?post=5967"},{"taxonomy":"product_tag","embeddable":true,"href":"https:\/\/geniwal.be\/nl\/wp-json\/wp\/v2\/product_tag?post=5967"}],"curies":[{"name":"wp","href":"https:\/\/api.w.org\/{rel}","templated":true}]}}