{"id":5988,"date":"2020-05-11T02:42:22","date_gmt":"2020-05-11T00:42:22","guid":{"rendered":"https:\/\/geniwal.be\/?post_type=product&#038;p=5988"},"modified":"2025-12-30T18:14:30","modified_gmt":"2025-12-30T17:14:30","slug":"les-archives-militaires-en-belgique","status":"publish","type":"product","link":"https:\/\/geniwal.be\/nl\/boutique\/guides\/les-archives-militaires-en-belgique\/","title":{"rendered":"Militaire archieven in Belgi\u00eb"},"content":{"rendered":"<p><b>SAMENVATTING<\/b><\/p>\n<p>Le service militaire \u00e9tait fond\u00e9 sur un tirage au sort, h\u00e9rit\u00e9 \u00e0 l&rsquo;ind\u00e9pendance de 1830 des occupations fran\u00e7aise et hollandaise. Chaque province devait fournir un nombre pr\u00e9cis de conscrits, en vertu d&rsquo;un contingent vot\u00e9 annuellement par le parlement. Le tirage avait lieu chaque ann\u00e9e en f\u00e9vrier et il \u00e9tait possible pour celui qui avait tir\u00e9 un mauvais num\u00e9ro de se faire remplacer par un autre jeune homme moyennant paiement, souvent par l&rsquo;interm\u00e9diaire de soci\u00e9t\u00e9s sp\u00e9cialis\u00e9es. En 1909, lors de l&rsquo;introduction du service militaire personnel, il en co\u00fbtait ainsi 1.800 francs (environ 3.000 euros actuels) pour se faire remplacer sous les drapeaux.<\/p>\n<p>L&rsquo;introduction du service militaire obligatoire en Belgique, en vertu d&rsquo;une loi sign\u00e9e le 14 d\u00e9cembre 1909 par le roi L\u00e9opold 11, trois jours avant sa mort. Cette loi imposait que chaque famille mette \u00e0 la disposition de la nation un fils. En 1913 Albert 1 \u2022r, son successeur modifia la loi en imposant tous les fils d&rsquo;une famille.<\/p>\n<p>Cette obligation a vu des millions de miliciens (appel\u00e9s) servir, sous les drapeaux jusqu&rsquo;\u00e0 sa suspension, en mars 1995, lors de la professionnalisation des forces arm\u00e9es. C&rsquo;est cette loi qui a permis \u00e0 l&rsquo;arm\u00e9e belge de compter 250.000 hommes le 4 ao\u00fbt 1914, d\u00e9but de la Premi\u00e8re Guerre mondiale. A ce moment, la dur\u00e9e du service \u00ab personnel \u00bb variait entre 15 mois, pour l&rsquo;infanterie, et 24 mois pour la cavalerie et l&rsquo;artillerie \u00e0 cheval.<\/p>\n<p>La dur\u00e9e du service a connu au cours des 86 ann\u00e9es suivantes de constantes fluctuations. Souvent li\u00e9es \u00e0 la situation internationale. En 1920, apr\u00e8s la Premi\u00e8re Guerre mondiale. Elle est ainsi rapidement r\u00e9duite \u00e0 dix ou \u00e0 treize mois selon les armes, pour tomber \u00e0 huit mois en 1928 pour certaines cat\u00e9gories de miliciens. En 1936, \u00e0 l&rsquo;approche de la Seconde Guerre mondiale, la p\u00e9riode sous les armes remonte \u00e0 douze, voire m\u00eame 18 mois pour certaines classes de milice et \u00e0 17 mois pour les candidats grad\u00e9s de r\u00e9serve. A partir de 1974 les femmes volontaires de carri\u00e8re font leur apparition au sein de la d\u00e9fense.<\/p>\n<p>Dit boek zal genealogen helpen om aanwijzingen te vinden over hun voorouders die onder de wapenen dienden tijdens de grote conflicten, zowel in Belgi\u00eb als op buitenlandse slagvelden.<\/p>\n<p><strong>AUTEURS<\/strong><\/p>\n<p>Yves Heraly. Il est n\u00e9 en 1948 \u00e0 L\u00e9opoldville (aujourd&rsquo;hui Kinshasa) en R\u00e9publique d\u00e9mocratique du Congo. Il commence en 1990 la g\u00e9n\u00e9alogie familiale des Heraly, originaires du Brabant wallon. Ancien tr\u00e9sorier du Cercle d&rsquo;histoire, d&rsquo;arch\u00e9ologie et de g\u00e9n\u00e9alogie de Wavre et du Brabant Wallon. Il fonde en 1998 l&rsquo;association G\u00e9niWal (G\u00e9n\u00e9alogie Wallonie Informatique) dont il est pr\u00e9sident.<\/p>\n<p>- Robert Van Hecke. Hij werd in 1958 in Charleroi geboren en begon zijn genealogie in 1998. Hij is sinds het begin lid van G\u00e9niWal en geeft cursussen paleografie aan de afdelingen Namen en Brabant-Wallon. Hij heeft verschillende artikels geschreven in het tijdschrift van de Belgische Dynastieke Beweging, afdeling Brabant-Wallon, over de eerste Belgische penningen en de vrijwilligers van de Belgische revolutie van 1830.<\/p>","protected":false},"excerpt":{"rendered":"<form class=\"cart\" action=\"https:\/\/geniwal.be\/nl\/produit\/retracer-lhistoire-de-sa-commune\/\" enctype=\"multipart\/form-data\" method=\"post\" data-trp-original-action=\"https:\/\/geniwal.be\/produit\/retracer-lhistoire-de-sa-commune\/\">\n<div class=\"quantity buttons_added\">R\u00e9f\u00e9rence : 705008<br \/>\nD\/2018\/8595\/1<br \/>\n36 pages broch\u00e9es \/ format 148 x 210 cm<br \/>\n<b style=\"color: #ff0000;\"><b style=\"color: #ff0000;\">Levertijd 10 dagen na ontvangst van betaling<\/b><\/b><\/div>\n<input type=\"hidden\" name=\"trp-form-language\" value=\"nl\"\/><\/form>","protected":false},"featured_media":5982,"comment_status":"closed","ping_status":"closed","template":"","meta":{"_et_pb_use_builder":"","_et_pb_old_content":"","_et_gb_content_width":""},"product_brand":[],"product_cat":[112],"product_tag":[],"class_list":{"0":"post-5988","1":"product","2":"type-product","3":"status-publish","4":"has-post-thumbnail","6":"product_cat-guides","8":"first","9":"instock","10":"sale","11":"taxable","12":"shipping-taxable","13":"purchasable","14":"product-type-simple"},"aioseo_notices":[],"_links":{"self":[{"href":"https:\/\/geniwal.be\/nl\/wp-json\/wp\/v2\/product\/5988","targetHints":{"allow":["GET"]}}],"collection":[{"href":"https:\/\/geniwal.be\/nl\/wp-json\/wp\/v2\/product"}],"about":[{"href":"https:\/\/geniwal.be\/nl\/wp-json\/wp\/v2\/types\/product"}],"replies":[{"embeddable":true,"href":"https:\/\/geniwal.be\/nl\/wp-json\/wp\/v2\/comments?post=5988"}],"wp:featuredmedia":[{"embeddable":true,"href":"https:\/\/geniwal.be\/nl\/wp-json\/wp\/v2\/media\/5982"}],"wp:attachment":[{"href":"https:\/\/geniwal.be\/nl\/wp-json\/wp\/v2\/media?parent=5988"}],"wp:term":[{"taxonomy":"product_brand","embeddable":true,"href":"https:\/\/geniwal.be\/nl\/wp-json\/wp\/v2\/product_brand?post=5988"},{"taxonomy":"product_cat","embeddable":true,"href":"https:\/\/geniwal.be\/nl\/wp-json\/wp\/v2\/product_cat?post=5988"},{"taxonomy":"product_tag","embeddable":true,"href":"https:\/\/geniwal.be\/nl\/wp-json\/wp\/v2\/product_tag?post=5988"}],"curies":[{"name":"wp","href":"https:\/\/api.w.org\/{rel}","templated":true}]}}